{"version":"1.0","provider_name":"Nuestro Stories","provider_url":"https:\/\/draft.nuestrostories.com\/es\/","author_name":"Catherine A. Jones","author_url":"https:\/\/draft.nuestrostories.com\/es\/author\/cathy\/","title":"\u00bfFrancamente? Los latinos en el espacio son DESTACABLES - Nuestro Stories","type":"rich","width":600,"height":338,"html":"<blockquote class=\"wp-embedded-content\" data-secret=\"QruYBTMj1x\"><a href=\"https:\/\/draft.nuestrostories.com\/es\/2023\/09\/francamente-los-latinos-en-el-espacio-son-destacables\/\">\u00bfFrancamente? Los latinos en el espacio son DESTACABLES<\/a><\/blockquote><iframe sandbox=\"allow-scripts\" security=\"restricted\" src=\"https:\/\/draft.nuestrostories.com\/es\/2023\/09\/francamente-los-latinos-en-el-espacio-son-destacables\/embed\/#?secret=QruYBTMj1x\" width=\"600\" height=\"338\" title=\"\u00ab\u00bfFrancamente? Los latinos en el espacio son DESTACABLES\u00bb \u2014 Nuestro Stories\" data-secret=\"QruYBTMj1x\" frameborder=\"0\" marginwidth=\"0\" marginheight=\"0\" scrolling=\"no\" class=\"wp-embedded-content\"><\/iframe><script>\n\/*! This file is auto-generated *\/\n!function(d,l){\"use strict\";l.querySelector&&d.addEventListener&&\"undefined\"!=typeof URL&&(d.wp=d.wp||{},d.wp.receiveEmbedMessage||(d.wp.receiveEmbedMessage=function(e){var t=e.data;if((t||t.secret||t.message||t.value)&&!\/[^a-zA-Z0-9]\/.test(t.secret)){for(var s,r,n,a=l.querySelectorAll('iframe[data-secret=\"'+t.secret+'\"]'),o=l.querySelectorAll('blockquote[data-secret=\"'+t.secret+'\"]'),c=new RegExp(\"^https?:$\",\"i\"),i=0;i<o.length;i++)o[i].style.display=\"none\";for(i=0;i<a.length;i++)s=a[i],e.source===s.contentWindow&&(s.removeAttribute(\"style\"),\"height\"===t.message?(1e3<(r=parseInt(t.value,10))?r=1e3:~~r<200&&(r=200),s.height=r):\"link\"===t.message&&(r=new URL(s.getAttribute(\"src\")),n=new URL(t.value),c.test(n.protocol))&&n.host===r.host&&l.activeElement===s&&(d.top.location.href=t.value))}},d.addEventListener(\"message\",d.wp.receiveEmbedMessage,!1),l.addEventListener(\"DOMContentLoaded\",function(){for(var e,t,s=l.querySelectorAll(\"iframe.wp-embedded-content\"),r=0;r<s.length;r++)(t=(e=s[r]).getAttribute(\"data-secret\"))||(t=Math.random().toString(36).substring(2,12),e.src+=\"#?secret=\"+t,e.setAttribute(\"data-secret\",t)),e.contentWindow.postMessage({message:\"ready\",secret:t},\"*\")},!1)))}(window,document);\n\/\/# sourceURL=https:\/\/draft.nuestrostories.com\/wp-includes\/js\/wp-embed.min.js\n<\/script>\n","thumbnail_url":"https:\/\/draft.nuestrostories.com\/wp-content\/uploads\/2023\/09\/frnacisco-rubio-image-for-story-1024x683.png","thumbnail_width":1024,"thumbnail_height":683,"description":"Ilustraci\u00f3n de Nuestro Stories Frank Rubio, astronauta de la NASA y oriundo de Miami, acaba de batir el r\u00e9cord del vuelo espacial m\u00e1s largo de Estados Unidos. Pero, como muchos saben, no es algo que se propusiera hacer cuando dej\u00f3 la Tierra hace un a\u00f1o. Rubio, como informa Associated Press, \"lleg\u00f3 en septiembre de 2022 [&hellip;]"}